{"id":650,"date":"2021-09-23T14:05:11","date_gmt":"2021-09-23T12:05:11","guid":{"rendered":"http:\/\/rmmwlxggza.cyon.link\/?page_id=650"},"modified":"2021-11-25T16:46:42","modified_gmt":"2021-11-25T15:46:42","slug":"schreinerei","status":"publish","type":"page","link":"https:\/\/schreinereiduss.ch\/index.php\/schreinerei\/","title":{"rendered":"Schreinerei"},"content":{"rendered":"\t\t<div data-elementor-type=\"wp-page\" data-elementor-id=\"650\" class=\"elementor elementor-650\" data-elementor-post-type=\"page\">\n\t\t\t\t\t\t<section class=\"has_eae_slider elementor-section elementor-top-section elementor-element elementor-element-49462ae0 elementor-section-content-middle elementor-section-height-min-height elementor-section-boxed elementor-section-height-default elementor-section-items-middle\" data-eae-slider=\"25850\" data-id=\"49462ae0\" data-element_type=\"section\" data-e-type=\"section\" data-settings=\"{&quot;background_background&quot;:&quot;classic&quot;}\">\n\t\t\t\t\t\t\t<div class=\"elementor-background-overlay\"><\/div>\n\t\t\t\t\t\t\t<div class=\"elementor-container elementor-column-gap-default\">\n\t\t\t\t\t<div class=\"has_eae_slider elementor-column elementor-col-100 elementor-top-column elementor-element elementor-element-5e26a993 elementor-invisible\" data-eae-slider=\"27304\" data-id=\"5e26a993\" data-element_type=\"column\" data-e-type=\"column\" data-settings=\"{&quot;animation&quot;:&quot;fadeInDown&quot;}\">\n\t\t\t<div class=\"elementor-widget-wrap elementor-element-populated\">\n\t\t\t\t\t\t<div class=\"elementor-element elementor-element-809db34 elementor-widget elementor-widget-spacer\" data-id=\"809db34\" data-element_type=\"widget\" data-e-type=\"widget\" data-widget_type=\"spacer.default\">\n\t\t\t\t<div class=\"elementor-widget-container\">\n\t\t\t\t\t\t\t<div class=\"elementor-spacer\">\n\t\t\t<div class=\"elementor-spacer-inner\"><\/div>\n\t\t<\/div>\n\t\t\t\t\t\t<\/div>\n\t\t\t\t<\/div>\n\t\t\t\t<div class=\"elementor-element elementor-element-224a271 elementor-hidden-desktop elementor-widget elementor-widget-heading\" data-id=\"224a271\" data-element_type=\"widget\" data-e-type=\"widget\" data-widget_type=\"heading.default\">\n\t\t\t\t<div class=\"elementor-widget-container\">\n\t\t\t\t\t<h5 class=\"elementor-heading-title elementor-size-default\">Der richtige Ansprechpartner!<\/h5>\t\t\t\t<\/div>\n\t\t\t\t<\/div>\n\t\t\t\t<div class=\"elementor-element elementor-element-84e4fc8 elementor-hidden-desktop elementor-widget elementor-widget-heading\" data-id=\"84e4fc8\" data-element_type=\"widget\" data-e-type=\"widget\" data-widget_type=\"heading.default\">\n\t\t\t\t<div class=\"elementor-widget-container\">\n\t\t\t\t\t<h1 class=\"elementor-heading-title elementor-size-default\">Schreinerei<\/h1>\t\t\t\t<\/div>\n\t\t\t\t<\/div>\n\t\t\t\t<div class=\"elementor-element elementor-element-2369a3c elementor-align-center elementor-hidden-desktop elementor-widget elementor-widget-button\" data-id=\"2369a3c\" data-element_type=\"widget\" data-e-type=\"widget\" data-widget_type=\"button.default\">\n\t\t\t\t<div class=\"elementor-widget-container\">\n\t\t\t\t\t\t\t\t\t<div class=\"elementor-button-wrapper\">\n\t\t\t\t\t<a class=\"elementor-button elementor-button-link elementor-size-sm elementor-animation-bob\" href=\"\/index.php\/kontakt\/\">\n\t\t\t\t\t\t<span class=\"elementor-button-content-wrapper\">\n\t\t\t\t\t\t\t\t\t<span class=\"elementor-button-text\">Kontaktieren Sie uns<\/span>\n\t\t\t\t\t<\/span>\n\t\t\t\t\t<\/a>\n\t\t\t\t<\/div>\n\t\t\t\t\t\t\t\t<\/div>\n\t\t\t\t<\/div>\n\t\t\t\t<div class=\"elementor-element elementor-element-11d4ed4 elementor-hidden-mobile elementor-hidden-tablet elementor-widget elementor-widget-heading\" data-id=\"11d4ed4\" data-element_type=\"widget\" data-e-type=\"widget\" data-widget_type=\"heading.default\">\n\t\t\t\t<div class=\"elementor-widget-container\">\n\t\t\t\t\t<h5 class=\"elementor-heading-title elementor-size-default\">Der richtige Ansprechpartner!<\/h5>\t\t\t\t<\/div>\n\t\t\t\t<\/div>\n\t\t\t\t<div class=\"elementor-element elementor-element-e49251b elementor-hidden-mobile elementor-hidden-tablet elementor-widget elementor-widget-heading\" data-id=\"e49251b\" data-element_type=\"widget\" data-e-type=\"widget\" data-widget_type=\"heading.default\">\n\t\t\t\t<div class=\"elementor-widget-container\">\n\t\t\t\t\t<h1 class=\"elementor-heading-title elementor-size-default\">Schreinerei<\/h1>\t\t\t\t<\/div>\n\t\t\t\t<\/div>\n\t\t\t\t<div class=\"elementor-element elementor-element-10a2de1 elementor-hidden-mobile elementor-hidden-tablet elementor-widget elementor-widget-button\" data-id=\"10a2de1\" data-element_type=\"widget\" data-e-type=\"widget\" data-widget_type=\"button.default\">\n\t\t\t\t<div class=\"elementor-widget-container\">\n\t\t\t\t\t\t\t\t\t<div class=\"elementor-button-wrapper\">\n\t\t\t\t\t<a class=\"elementor-button elementor-button-link elementor-size-sm elementor-animation-bob\" href=\"\/index.php\/kontakt\/\">\n\t\t\t\t\t\t<span class=\"elementor-button-content-wrapper\">\n\t\t\t\t\t\t\t\t\t<span class=\"elementor-button-text\">Kontaktieren Sie uns<\/span>\n\t\t\t\t\t<\/span>\n\t\t\t\t\t<\/a>\n\t\t\t\t<\/div>\n\t\t\t\t\t\t\t\t<\/div>\n\t\t\t\t<\/div>\n\t\t\t\t\t<\/div>\n\t\t<\/div>\n\t\t\t\t\t<\/div>\n\t\t<\/section>\n\t\t\t\t<section class=\"has_eae_slider elementor-section elementor-top-section elementor-element elementor-element-514a3722 elementor-section-boxed elementor-section-height-default elementor-section-height-default\" data-eae-slider=\"75084\" data-id=\"514a3722\" data-element_type=\"section\" data-e-type=\"section\">\n\t\t\t\t\t\t<div class=\"elementor-container elementor-column-gap-default\">\n\t\t\t\t\t<div class=\"has_eae_slider elementor-column elementor-col-50 elementor-top-column elementor-element elementor-element-24e419c animated-slow elementor-invisible\" data-eae-slider=\"58164\" data-id=\"24e419c\" data-element_type=\"column\" data-e-type=\"column\" data-settings=\"{&quot;animation&quot;:&quot;fadeInUp&quot;}\">\n\t\t\t<div class=\"elementor-widget-wrap elementor-element-populated\">\n\t\t\t\t\t\t<div class=\"elementor-element elementor-element-646d440 elementor-widget elementor-widget-heading\" data-id=\"646d440\" data-element_type=\"widget\" data-e-type=\"widget\" data-widget_type=\"heading.default\">\n\t\t\t\t<div class=\"elementor-widget-container\">\n\t\t\t\t\t<h2 class=\"elementor-heading-title elementor-size-default\">Wir sind der richtige Ansprechpartner.<\/h2>\t\t\t\t<\/div>\n\t\t\t\t<\/div>\n\t\t\t\t<div class=\"elementor-element elementor-element-b85f27f elementor-widget elementor-widget-text-editor\" data-id=\"b85f27f\" data-element_type=\"widget\" data-e-type=\"widget\" data-widget_type=\"text-editor.default\">\n\t\t\t\t<div class=\"elementor-widget-container\">\n\t\t\t\t\t\t\t\t\t<p>In unserer Schreinerei fertigen wir individuelle und auf unsere Kunden abgestimmte Arbeiten an. Nebst K\u00fcchen produzieren wir ebenfalls T\u00fcren, M\u00f6bel, Schlafzimmer, Schr\u00e4nke und Garderoben. Allgemeine Schreinerarbeiten und Reparaturen aller Art geh\u00f6ren ebenfalls zu unserem breiten T\u00e4tigkeitsgebiet. Wir sind auch f\u00fcr Innenausbauten der richtige Ansprechpartner.<\/p><p>Im Jahre 1999 konnten wir die Schreinerei erweitern und einen Neubau realisieren. Der Betrieb ist in den letzten Jahren stetig erweitert worden. Allen anfallenden Schreinerarbeiten steht ein moderner und zeitgem\u00e4sser Maschinenpark zur Verf\u00fcgung.<\/p>\t\t\t\t\t\t\t\t<\/div>\n\t\t\t\t<\/div>\n\t\t\t\t\t<\/div>\n\t\t<\/div>\n\t\t\t\t<div class=\"has_eae_slider elementor-column elementor-col-50 elementor-top-column elementor-element elementor-element-9e42cf8\" data-eae-slider=\"39424\" data-id=\"9e42cf8\" data-element_type=\"column\" data-e-type=\"column\">\n\t\t\t<div class=\"elementor-widget-wrap\">\n\t\t\t\t\t\t\t<\/div>\n\t\t<\/div>\n\t\t\t\t\t<\/div>\n\t\t<\/section>\n\t\t\t\t<section class=\"has_eae_slider elementor-section elementor-top-section elementor-element elementor-element-c42c04d elementor-section-boxed elementor-section-height-default elementor-section-height-default\" data-eae-slider=\"86768\" data-id=\"c42c04d\" data-element_type=\"section\" data-e-type=\"section\" data-settings=\"{&quot;background_background&quot;:&quot;classic&quot;}\">\n\t\t\t\t\t\t<div class=\"elementor-container elementor-column-gap-default\">\n\t\t\t\t\t<div class=\"has_eae_slider elementor-column elementor-col-25 elementor-top-column elementor-element elementor-element-0bb9ed8 animated-slow elementor-invisible\" data-eae-slider=\"98246\" data-id=\"0bb9ed8\" data-element_type=\"column\" data-e-type=\"column\" data-settings=\"{&quot;motion_fx_motion_fx_scrolling&quot;:&quot;yes&quot;,&quot;animation&quot;:&quot;fadeInLeft&quot;,&quot;motion_fx_devices&quot;:[&quot;desktop&quot;,&quot;tablet&quot;,&quot;mobile&quot;]}\">\n\t\t\t<div class=\"elementor-widget-wrap elementor-element-populated\">\n\t\t\t\t\t\t<div class=\"elementor-element elementor-element-4bafd4c elementor-widget elementor-widget-image\" data-id=\"4bafd4c\" data-element_type=\"widget\" data-e-type=\"widget\" data-widget_type=\"image.default\">\n\t\t\t\t<div class=\"elementor-widget-container\">\n\t\t\t\t\t\t\t\t\t\t\t\t\t\t\t<img decoding=\"async\" width=\"150\" height=\"150\" src=\"https:\/\/schreinereiduss.ch\/wp-content\/uploads\/2021\/09\/Kueche-150x150.png\" class=\"attachment-thumbnail size-thumbnail wp-image-716\" alt=\"\" srcset=\"https:\/\/schreinereiduss.ch\/wp-content\/uploads\/2021\/09\/Kueche-150x150.png 150w, https:\/\/schreinereiduss.ch\/wp-content\/uploads\/2021\/09\/Kueche-300x300.png 300w, https:\/\/schreinereiduss.ch\/wp-content\/uploads\/2021\/09\/Kueche.png 557w\" sizes=\"(max-width: 150px) 100vw, 150px\" \/>\t\t\t\t\t\t\t\t\t\t\t\t\t\t\t<\/div>\n\t\t\t\t<\/div>\n\t\t\t\t<div class=\"elementor-element elementor-element-5c8ebff elementor-widget elementor-widget-heading\" data-id=\"5c8ebff\" data-element_type=\"widget\" data-e-type=\"widget\" data-widget_type=\"heading.default\">\n\t\t\t\t<div class=\"elementor-widget-container\">\n\t\t\t\t\t<h2 class=\"elementor-heading-title elementor-size-default\">K\u00fcchen<\/h2>\t\t\t\t<\/div>\n\t\t\t\t<\/div>\n\t\t\t\t\t<\/div>\n\t\t<\/div>\n\t\t\t\t<div class=\"has_eae_slider elementor-column elementor-col-25 elementor-top-column elementor-element elementor-element-49b42f2 animated-slow elementor-invisible\" data-eae-slider=\"34270\" data-id=\"49b42f2\" data-element_type=\"column\" data-e-type=\"column\" data-settings=\"{&quot;animation&quot;:&quot;fadeInLeft&quot;}\">\n\t\t\t<div class=\"elementor-widget-wrap elementor-element-populated\">\n\t\t\t\t\t\t<div class=\"elementor-element elementor-element-6aa4a30 elementor-widget elementor-widget-image\" data-id=\"6aa4a30\" data-element_type=\"widget\" data-e-type=\"widget\" data-widget_type=\"image.default\">\n\t\t\t\t<div class=\"elementor-widget-container\">\n\t\t\t\t\t\t\t\t\t\t\t\t\t\t\t<img decoding=\"async\" width=\"150\" height=\"150\" src=\"https:\/\/schreinereiduss.ch\/wp-content\/uploads\/2021\/09\/Mobel_-150x150.png\" class=\"attachment-thumbnail size-thumbnail wp-image-715\" alt=\"\" srcset=\"https:\/\/schreinereiduss.ch\/wp-content\/uploads\/2021\/09\/Mobel_-150x150.png 150w, https:\/\/schreinereiduss.ch\/wp-content\/uploads\/2021\/09\/Mobel_-300x300.png 300w, https:\/\/schreinereiduss.ch\/wp-content\/uploads\/2021\/09\/Mobel_.png 557w\" sizes=\"(max-width: 150px) 100vw, 150px\" \/>\t\t\t\t\t\t\t\t\t\t\t\t\t\t\t<\/div>\n\t\t\t\t<\/div>\n\t\t\t\t<div class=\"elementor-element elementor-element-3edc5f4 elementor-widget elementor-widget-heading\" data-id=\"3edc5f4\" data-element_type=\"widget\" data-e-type=\"widget\" data-widget_type=\"heading.default\">\n\t\t\t\t<div class=\"elementor-widget-container\">\n\t\t\t\t\t<h2 class=\"elementor-heading-title elementor-size-default\">M\u00f6bel<\/h2>\t\t\t\t<\/div>\n\t\t\t\t<\/div>\n\t\t\t\t\t<\/div>\n\t\t<\/div>\n\t\t\t\t<div class=\"has_eae_slider elementor-column elementor-col-25 elementor-top-column elementor-element elementor-element-6114c73 animated-slow elementor-invisible\" data-eae-slider=\"57120\" data-id=\"6114c73\" data-element_type=\"column\" data-e-type=\"column\" data-settings=\"{&quot;animation&quot;:&quot;fadeInLeft&quot;}\">\n\t\t\t<div class=\"elementor-widget-wrap elementor-element-populated\">\n\t\t\t\t\t\t<div class=\"elementor-element elementor-element-73f36b3 elementor-widget elementor-widget-image\" data-id=\"73f36b3\" data-element_type=\"widget\" data-e-type=\"widget\" data-widget_type=\"image.default\">\n\t\t\t\t<div class=\"elementor-widget-container\">\n\t\t\t\t\t\t\t\t\t\t\t\t\t\t\t<img decoding=\"async\" width=\"150\" height=\"150\" src=\"https:\/\/schreinereiduss.ch\/wp-content\/uploads\/2021\/09\/schraubenschlussel-und-bolzenwerkzeug-mit-hammer-150x150.png\" class=\"attachment-thumbnail size-thumbnail wp-image-717\" alt=\"\" srcset=\"https:\/\/schreinereiduss.ch\/wp-content\/uploads\/2021\/09\/schraubenschlussel-und-bolzenwerkzeug-mit-hammer-150x150.png 150w, https:\/\/schreinereiduss.ch\/wp-content\/uploads\/2021\/09\/schraubenschlussel-und-bolzenwerkzeug-mit-hammer-300x300.png 300w, https:\/\/schreinereiduss.ch\/wp-content\/uploads\/2021\/09\/schraubenschlussel-und-bolzenwerkzeug-mit-hammer.png 557w\" sizes=\"(max-width: 150px) 100vw, 150px\" \/>\t\t\t\t\t\t\t\t\t\t\t\t\t\t\t<\/div>\n\t\t\t\t<\/div>\n\t\t\t\t<div class=\"elementor-element elementor-element-8599f92 elementor-widget elementor-widget-heading\" data-id=\"8599f92\" data-element_type=\"widget\" data-e-type=\"widget\" data-widget_type=\"heading.default\">\n\t\t\t\t<div class=\"elementor-widget-container\">\n\t\t\t\t\t<h2 class=\"elementor-heading-title elementor-size-default\">T\u00fcren<\/h2>\t\t\t\t<\/div>\n\t\t\t\t<\/div>\n\t\t\t\t\t<\/div>\n\t\t<\/div>\n\t\t\t\t<div class=\"has_eae_slider elementor-column elementor-col-25 elementor-top-column elementor-element elementor-element-b9783f8 animated-slow elementor-invisible\" data-eae-slider=\"83460\" data-id=\"b9783f8\" data-element_type=\"column\" data-e-type=\"column\" data-settings=\"{&quot;animation&quot;:&quot;fadeInLeft&quot;}\">\n\t\t\t<div class=\"elementor-widget-wrap elementor-element-populated\">\n\t\t\t\t\t\t<div class=\"elementor-element elementor-element-e48ea1e elementor-widget elementor-widget-image\" data-id=\"e48ea1e\" data-element_type=\"widget\" data-e-type=\"widget\" data-widget_type=\"image.default\">\n\t\t\t\t<div class=\"elementor-widget-container\">\n\t\t\t\t\t\t\t\t\t\t\t\t\t\t\t<img loading=\"lazy\" decoding=\"async\" width=\"150\" height=\"150\" src=\"https:\/\/schreinereiduss.ch\/wp-content\/uploads\/2021\/09\/In-ausBau-150x150.png\" class=\"attachment-thumbnail size-thumbnail wp-image-714\" alt=\"\" srcset=\"https:\/\/schreinereiduss.ch\/wp-content\/uploads\/2021\/09\/In-ausBau-150x150.png 150w, https:\/\/schreinereiduss.ch\/wp-content\/uploads\/2021\/09\/In-ausBau-300x300.png 300w, https:\/\/schreinereiduss.ch\/wp-content\/uploads\/2021\/09\/In-ausBau.png 500w\" sizes=\"(max-width: 150px) 100vw, 150px\" \/>\t\t\t\t\t\t\t\t\t\t\t\t\t\t\t<\/div>\n\t\t\t\t<\/div>\n\t\t\t\t<div class=\"elementor-element elementor-element-80d4adb elementor-widget elementor-widget-heading\" data-id=\"80d4adb\" data-element_type=\"widget\" data-e-type=\"widget\" data-widget_type=\"heading.default\">\n\t\t\t\t<div class=\"elementor-widget-container\">\n\t\t\t\t\t<h2 class=\"elementor-heading-title elementor-size-default\">Innenausbau<\/h2>\t\t\t\t<\/div>\n\t\t\t\t<\/div>\n\t\t\t\t\t<\/div>\n\t\t<\/div>\n\t\t\t\t\t<\/div>\n\t\t<\/section>\n\t\t\t\t<section class=\"has_eae_slider elementor-section elementor-top-section elementor-element elementor-element-8835ac4 elementor-section-full_width elementor-section-height-default elementor-section-height-default\" data-eae-slider=\"61343\" data-id=\"8835ac4\" data-element_type=\"section\" data-e-type=\"section\" data-settings=\"{&quot;background_background&quot;:&quot;classic&quot;}\">\n\t\t\t\t\t\t<div class=\"elementor-container elementor-column-gap-default\">\n\t\t\t\t\t<div class=\"has_eae_slider elementor-column elementor-col-100 elementor-top-column elementor-element elementor-element-cd62763\" data-eae-slider=\"16435\" data-id=\"cd62763\" data-element_type=\"column\" data-e-type=\"column\">\n\t\t\t<div class=\"elementor-widget-wrap elementor-element-populated\">\n\t\t\t\t\t\t<div class=\"elementor-element elementor-element-ddaac7f elementor-widget elementor-widget-heading\" data-id=\"ddaac7f\" data-element_type=\"widget\" data-e-type=\"widget\" data-widget_type=\"heading.default\">\n\t\t\t\t<div class=\"elementor-widget-container\">\n\t\t\t\t\t<h2 class=\"elementor-heading-title elementor-size-default\">Einblick in unsere Arbeit<\/h2>\t\t\t\t<\/div>\n\t\t\t\t<\/div>\n\t\t\t\t<div class=\"elementor-element elementor-element-5bd1cfb elementor-widget elementor-widget-text-editor\" data-id=\"5bd1cfb\" data-element_type=\"widget\" data-e-type=\"widget\" data-widget_type=\"text-editor.default\">\n\t\t\t\t<div class=\"elementor-widget-container\">\n\t\t\t\t\t\t\t\t\t<div  id=\"jtg-671\" class=\"modula modula-gallery modula-custom-grid\" data-config=\"{&quot;height&quot;:800,&quot;tabletHeight&quot;:800,&quot;mobileHeight&quot;:800,&quot;desktopHeight&quot;:800,&quot;enableTwitter&quot;:false,&quot;enableWhatsapp&quot;:false,&quot;enableFacebook&quot;:false,&quot;enablePinterest&quot;:false,&quot;enableLinkedin&quot;:false,&quot;enableEmail&quot;:false,&quot;randomFactor&quot;:1,&quot;type&quot;:&quot;custom-grid&quot;,&quot;columns&quot;:12,&quot;gutter&quot;:10,&quot;mobileGutter&quot;:10,&quot;tabletGutter&quot;:10,&quot;desktopGutter&quot;:10,&quot;enableResponsive&quot;:&quot;0&quot;,&quot;tabletColumns&quot;:&quot;2&quot;,&quot;mobileColumns&quot;:&quot;1&quot;,&quot;lazyLoad&quot;:0,&quot;lightboxOpts&quot;:{&quot;animated&quot;:true,&quot;Thumbs&quot;:{&quot;type&quot;:&quot;modern&quot;,&quot;showOnStart&quot;:false},&quot;Toolbar&quot;:{&quot;display&quot;:{&quot;right&quot;:[&quot;close&quot;]},&quot;enabled&quot;:true},&quot;Carousel&quot;:{&quot;Panzoom&quot;:{&quot;touch&quot;:true},&quot;infinite&quot;:false},&quot;keyboard&quot;:{&quot;Escape&quot;:&quot;close&quot;,&quot;Delete&quot;:&quot;close&quot;,&quot;Backspace&quot;:&quot;close&quot;,&quot;PageUp&quot;:false,&quot;PageDown&quot;:false,&quot;ArrowUp&quot;:false,&quot;ArrowDown&quot;:false,&quot;ArrowRight&quot;:false,&quot;ArrowLeft&quot;:false},&quot;touch&quot;:false,&quot;backdropClick&quot;:false,&quot;l10n&quot;:{&quot;CLOSE&quot;:&quot;Close&quot;,&quot;NEXT&quot;:&quot;Next&quot;,&quot;PREV&quot;:&quot;Previous&quot;,&quot;Error&quot;:&quot;The requested content cannot be loaded. Please try again later.&quot;,&quot;PLAY_START&quot;:&quot;Start slideshow&quot;,&quot;PLAY_STOP&quot;:&quot;Pause slideshow&quot;,&quot;FULL_SCREEN&quot;:&quot;Full screen&quot;,&quot;THUMBS&quot;:&quot;Thumbnails&quot;,&quot;DOWNLOAD&quot;:&quot;Download&quot;,&quot;SHARE&quot;:&quot;Share&quot;,&quot;ZOOM&quot;:&quot;Zoom&quot;,&quot;EMAIL&quot;:&quot;Here is the link to the image : %%image_link%% and this is the link to the gallery : %%gallery_link%%&quot;,&quot;MODAL&quot;:&quot;You can close this modal content with the ESC key&quot;,&quot;ERROR&quot;:&quot;Something Went Wrong, Please Try Again Later&quot;,&quot;IMAGE_ERROR&quot;:&quot;Image Not Found&quot;,&quot;ELEMENT_NOT_FOUND&quot;:&quot;HTML Element Not Found&quot;,&quot;AJAX_NOT_FOUND&quot;:&quot;Error Loading AJAX : Not Found&quot;,&quot;AJAX_FORBIDDEN&quot;:&quot;Error Loading AJAX : Forbidden&quot;,&quot;IFRAME_ERROR&quot;:&quot;Error Loading Page&quot;,&quot;TOGGLE_ZOOM&quot;:&quot;Toggle zoom level&quot;,&quot;TOGGLE_THUMBS&quot;:&quot;Toggle thumbnails&quot;,&quot;TOGGLE_SLIDESHOW&quot;:&quot;Toggle slideshow&quot;,&quot;TOGGLE_FULLSCREEN&quot;:&quot;Toggle full-screen mode&quot;},&quot;Images&quot;:{&quot;Panzoom&quot;:{&quot;maxScale&quot;:2}},&quot;mainClass&quot;:&quot;modula-fancybox-container modula-lightbox-jtg-671&quot;,&quot;Html&quot;:{&quot;videoAutoplay&quot;:0,&quot;videoTpl&quot;:&quot;&lt;video class=\\&quot;fancybox__html5video\\&quot; controls muted playsinline controlsList controlsList=\\&quot;nodownload\\&quot; poster=\\&quot;{{poster}}\\&quot; src=\\&quot;{{src}}\\&quot; type=\\&quot;{{format}}\\&quot; &gt;  Sorry, your browser doesn&#039;t support embedded videos, &lt;a href=\\&quot;{{src}}\\&quot;&gt; download &lt;\\\/a&gt; and watch with your favorite video player! &lt;\\\/video&gt;&quot;}},&quot;inView&quot;:false,&quot;email_subject&quot;:&quot;Check out this awesome image !!&quot;,&quot;email_message&quot;:&quot;Here is the link to the image : %%image_link%% and this is the link to the gallery : %%gallery_link%%&quot;,&quot;lightbox&quot;:&quot;fancybox&quot;}\">\n\n\t\n\t<div  class=\"modula-items\">\n\t\t<div class=\"modula-item effect-pufrobo\" data-width=\"3\" data-height=\"2\" >\n\t<div class=\"modula-item-overlay\"><\/div>\n\n\t<div class=\"modula-item-content\">\n\n\t\t<a data-image-id=\"676\" role=\"button\" data-elementor-open-lightbox=\"no\" tabindex=\"0\" rel=\"jtg-671\" data-caption=\"\" aria-label=\"Open image in lightbox\" class=\"tile-inner modula-item-link\"><\/a><img loading=\"lazy\" decoding=\"async\" class=\"pic wp-image-676\"  data-valign=\"middle\" data-halign=\"center\" alt=\"\" data-full=\"https:\/\/schreinereiduss.ch\/wp-content\/uploads\/2021\/09\/Ku\u0308che_2.jpeg\" title=\"Ku\u0308che_2\" crop=\"\" width=\"300\" height=\"210\" src=\"https:\/\/schreinereiduss.ch\/wp-content\/uploads\/2021\/09\/Ku\u0308che_2-300x210.jpeg\" data-src=\"https:\/\/schreinereiduss.ch\/wp-content\/uploads\/2021\/09\/Ku\u0308che_2-300x210.jpeg\" data-caption=\"\" srcset=\"https:\/\/schreinereiduss.ch\/wp-content\/uploads\/2021\/09\/Ku\u0308che_2.jpeg 857w, https:\/\/schreinereiduss.ch\/wp-content\/uploads\/2021\/09\/Ku\u0308che_2-300x210.jpeg 300w, https:\/\/schreinereiduss.ch\/wp-content\/uploads\/2021\/09\/Ku\u0308che_2-768x538.jpeg 768w\" sizes=\"(max-width: 300px) 100vw, 300px\" \/>\n\t\t<div class=\"figc no-description\">\n\t\t\t<div class=\"figc-inner\">\n\t\t\t\t\t\t\t\t\t\t\t\t\t\t\t<\/div>\n\t\t<\/div>\n\n\t<\/div>\n\n<\/div><div class=\"modula-item effect-pufrobo\" data-width=\"1\" data-height=\"2\" >\n\t<div class=\"modula-item-overlay\"><\/div>\n\n\t<div class=\"modula-item-content\">\n\n\t\t<a data-image-id=\"685\" role=\"button\" data-elementor-open-lightbox=\"no\" tabindex=\"0\" rel=\"jtg-671\" data-caption=\"\" aria-label=\"Open image in lightbox\" class=\"tile-inner modula-item-link\"><\/a><img loading=\"lazy\" decoding=\"async\" class=\"pic wp-image-685\"  data-valign=\"middle\" data-halign=\"center\" alt=\"\" data-full=\"https:\/\/schreinereiduss.ch\/wp-content\/uploads\/2021\/09\/Spezielles_3.jpeg\" title=\"\" crop=\"\" width=\"300\" height=\"210\" src=\"https:\/\/schreinereiduss.ch\/wp-content\/uploads\/2021\/09\/Spezielles_3-300x210.jpeg\" data-src=\"https:\/\/schreinereiduss.ch\/wp-content\/uploads\/2021\/09\/Spezielles_3-300x210.jpeg\" data-caption=\"\" srcset=\"https:\/\/schreinereiduss.ch\/wp-content\/uploads\/2021\/09\/Spezielles_3.jpeg 857w, https:\/\/schreinereiduss.ch\/wp-content\/uploads\/2021\/09\/Spezielles_3-300x210.jpeg 300w, https:\/\/schreinereiduss.ch\/wp-content\/uploads\/2021\/09\/Spezielles_3-768x538.jpeg 768w\" sizes=\"(max-width: 300px) 100vw, 300px\" \/>\n\t\t<div class=\"figc no-title no-description\">\n\t\t\t<div class=\"figc-inner\">\n\t\t\t\t\t\t\t\t\t\t\t\t\t\t\t<\/div>\n\t\t<\/div>\n\n\t<\/div>\n\n<\/div><div class=\"modula-item effect-pufrobo\" data-width=\"3\" data-height=\"2\" >\n\t<div class=\"modula-item-overlay\"><\/div>\n\n\t<div class=\"modula-item-content\">\n\n\t\t<a data-image-id=\"675\" role=\"button\" data-elementor-open-lightbox=\"no\" tabindex=\"0\" rel=\"jtg-671\" data-caption=\"\" aria-label=\"Open image in lightbox\" class=\"tile-inner modula-item-link\"><\/a><img loading=\"lazy\" decoding=\"async\" class=\"pic wp-image-675\"  data-valign=\"middle\" data-halign=\"center\" alt=\"\" data-full=\"https:\/\/schreinereiduss.ch\/wp-content\/uploads\/2021\/09\/Ku\u0308che_1.jpeg\" title=\"\" crop=\"\" width=\"300\" height=\"210\" src=\"https:\/\/schreinereiduss.ch\/wp-content\/uploads\/2021\/09\/Ku\u0308che_1-300x210.jpeg\" data-src=\"https:\/\/schreinereiduss.ch\/wp-content\/uploads\/2021\/09\/Ku\u0308che_1-300x210.jpeg\" data-caption=\"\" srcset=\"https:\/\/schreinereiduss.ch\/wp-content\/uploads\/2021\/09\/Ku\u0308che_1.jpeg 857w, https:\/\/schreinereiduss.ch\/wp-content\/uploads\/2021\/09\/Ku\u0308che_1-300x210.jpeg 300w, https:\/\/schreinereiduss.ch\/wp-content\/uploads\/2021\/09\/Ku\u0308che_1-768x538.jpeg 768w\" sizes=\"(max-width: 300px) 100vw, 300px\" \/>\n\t\t<div class=\"figc no-title no-description\">\n\t\t\t<div class=\"figc-inner\">\n\t\t\t\t\t\t\t\t\t\t\t\t\t\t\t<\/div>\n\t\t<\/div>\n\n\t<\/div>\n\n<\/div><div class=\"modula-item effect-pufrobo\" data-width=\"2\" data-height=\"3\" >\n\t<div class=\"modula-item-overlay\"><\/div>\n\n\t<div class=\"modula-item-content\">\n\n\t\t<a data-image-id=\"687\" role=\"button\" data-elementor-open-lightbox=\"no\" tabindex=\"0\" rel=\"jtg-671\" data-caption=\"\" aria-label=\"Open image in lightbox\" class=\"tile-inner modula-item-link\"><\/a><img loading=\"lazy\" decoding=\"async\" class=\"pic wp-image-687\"  data-valign=\"middle\" data-halign=\"center\" alt=\"\" data-full=\"https:\/\/schreinereiduss.ch\/wp-content\/uploads\/2021\/09\/Tuere_2.jpeg\" title=\"\" crop=\"\" width=\"300\" height=\"210\" src=\"https:\/\/schreinereiduss.ch\/wp-content\/uploads\/2021\/09\/Tuere_2-300x210.jpeg\" data-src=\"https:\/\/schreinereiduss.ch\/wp-content\/uploads\/2021\/09\/Tuere_2-300x210.jpeg\" data-caption=\"\" srcset=\"https:\/\/schreinereiduss.ch\/wp-content\/uploads\/2021\/09\/Tuere_2.jpeg 857w, https:\/\/schreinereiduss.ch\/wp-content\/uploads\/2021\/09\/Tuere_2-300x210.jpeg 300w, https:\/\/schreinereiduss.ch\/wp-content\/uploads\/2021\/09\/Tuere_2-768x538.jpeg 768w\" sizes=\"(max-width: 300px) 100vw, 300px\" \/>\n\t\t<div class=\"figc no-title no-description\">\n\t\t\t<div class=\"figc-inner\">\n\t\t\t\t\t\t\t\t\t\t\t\t\t\t\t<\/div>\n\t\t<\/div>\n\n\t<\/div>\n\n<\/div><div class=\"modula-item effect-pufrobo\" data-width=\"3\" data-height=\"3\" >\n\t<div class=\"modula-item-overlay\"><\/div>\n\n\t<div class=\"modula-item-content\">\n\n\t\t<a data-image-id=\"672\" role=\"button\" data-elementor-open-lightbox=\"no\" tabindex=\"0\" rel=\"jtg-671\" data-caption=\"\" aria-label=\"Open image in lightbox\" class=\"tile-inner modula-item-link\"><\/a><img loading=\"lazy\" decoding=\"async\" class=\"pic wp-image-672\"  data-valign=\"middle\" data-halign=\"center\" alt=\"\" data-full=\"https:\/\/schreinereiduss.ch\/wp-content\/uploads\/2021\/09\/IA_1.jpeg\" title=\"\" crop=\"\" width=\"300\" height=\"210\" src=\"https:\/\/schreinereiduss.ch\/wp-content\/uploads\/2021\/09\/IA_1-300x210.jpeg\" data-src=\"https:\/\/schreinereiduss.ch\/wp-content\/uploads\/2021\/09\/IA_1-300x210.jpeg\" data-caption=\"\" srcset=\"https:\/\/schreinereiduss.ch\/wp-content\/uploads\/2021\/09\/IA_1.jpeg 857w, https:\/\/schreinereiduss.ch\/wp-content\/uploads\/2021\/09\/IA_1-300x210.jpeg 300w, https:\/\/schreinereiduss.ch\/wp-content\/uploads\/2021\/09\/IA_1-768x538.jpeg 768w\" sizes=\"(max-width: 300px) 100vw, 300px\" \/>\n\t\t<div class=\"figc no-title no-description\">\n\t\t\t<div class=\"figc-inner\">\n\t\t\t\t\t\t\t\t\t\t\t\t\t\t\t<\/div>\n\t\t<\/div>\n\n\t<\/div>\n\n<\/div><div class=\"modula-item effect-pufrobo\" data-width=\"2\" data-height=\"3\" >\n\t<div class=\"modula-item-overlay\"><\/div>\n\n\t<div class=\"modula-item-content\">\n\n\t\t<a data-image-id=\"2164\" role=\"button\" data-elementor-open-lightbox=\"no\" tabindex=\"0\" rel=\"jtg-671\" data-caption=\"\" aria-label=\"Open image in lightbox\" class=\"tile-inner modula-item-link\"><\/a><img loading=\"lazy\" decoding=\"async\" class=\"pic wp-image-2164\"  data-valign=\"middle\" data-halign=\"center\" alt=\"\" data-full=\"https:\/\/schreinereiduss.ch\/wp-content\/uploads\/2021\/09\/Eingangstuere-Fluehli.jpg\" title=\"\" crop=\"\" width=\"169\" height=\"300\" src=\"https:\/\/schreinereiduss.ch\/wp-content\/uploads\/2021\/09\/Eingangstuere-Fluehli-169x300.jpg\" data-src=\"https:\/\/schreinereiduss.ch\/wp-content\/uploads\/2021\/09\/Eingangstuere-Fluehli-169x300.jpg\" data-caption=\"\" srcset=\"https:\/\/schreinereiduss.ch\/wp-content\/uploads\/2021\/09\/Eingangstuere-Fluehli-scaled.jpg 1440w, https:\/\/schreinereiduss.ch\/wp-content\/uploads\/2021\/09\/Eingangstuere-Fluehli-scaled-169x300.jpg 169w, https:\/\/schreinereiduss.ch\/wp-content\/uploads\/2021\/09\/Eingangstuere-Fluehli-576x1024.jpg 576w, https:\/\/schreinereiduss.ch\/wp-content\/uploads\/2021\/09\/Eingangstuere-Fluehli-768x1365.jpg 768w, https:\/\/schreinereiduss.ch\/wp-content\/uploads\/2021\/09\/Eingangstuere-Fluehli-864x1536.jpg 864w, https:\/\/schreinereiduss.ch\/wp-content\/uploads\/2021\/09\/Eingangstuere-Fluehli-1152x2048.jpg 1152w\" sizes=\"(max-width: 169px) 100vw, 169px\" \/>\n\t\t<div class=\"figc no-title no-description\">\n\t\t\t<div class=\"figc-inner\">\n\t\t\t\t\t\t\t\t\t\t\t\t\t\t\t<\/div>\n\t\t<\/div>\n\n\t<\/div>\n\n<\/div><div class=\"modula-item effect-pufrobo\" data-width=\"3\" data-height=\"2\" >\n\t<div class=\"modula-item-overlay\"><\/div>\n\n\t<div class=\"modula-item-content\">\n\n\t\t<a data-image-id=\"679\" role=\"button\" data-elementor-open-lightbox=\"no\" tabindex=\"0\" rel=\"jtg-671\" data-caption=\"\" aria-label=\"Open image in lightbox\" class=\"tile-inner modula-item-link\"><\/a><img loading=\"lazy\" decoding=\"async\" class=\"pic wp-image-679\"  data-valign=\"middle\" data-halign=\"center\" alt=\"\" data-full=\"https:\/\/schreinereiduss.ch\/wp-content\/uploads\/2021\/09\/Moebel_2.jpeg\" title=\"\" crop=\"\" width=\"300\" height=\"210\" src=\"https:\/\/schreinereiduss.ch\/wp-content\/uploads\/2021\/09\/Moebel_2-300x210.jpeg\" data-src=\"https:\/\/schreinereiduss.ch\/wp-content\/uploads\/2021\/09\/Moebel_2-300x210.jpeg\" data-caption=\"\" srcset=\"https:\/\/schreinereiduss.ch\/wp-content\/uploads\/2021\/09\/Moebel_2.jpeg 857w, https:\/\/schreinereiduss.ch\/wp-content\/uploads\/2021\/09\/Moebel_2-300x210.jpeg 300w, https:\/\/schreinereiduss.ch\/wp-content\/uploads\/2021\/09\/Moebel_2-768x538.jpeg 768w\" sizes=\"(max-width: 300px) 100vw, 300px\" \/>\n\t\t<div class=\"figc no-title no-description\">\n\t\t\t<div class=\"figc-inner\">\n\t\t\t\t\t\t\t\t\t\t\t\t\t\t\t<\/div>\n\t\t<\/div>\n\n\t<\/div>\n\n<\/div><div class=\"modula-item effect-pufrobo\" data-width=\"2\" data-height=\"2\" >\n\t<div class=\"modula-item-overlay\"><\/div>\n\n\t<div class=\"modula-item-content\">\n\n\t\t<a data-image-id=\"684\" role=\"button\" data-elementor-open-lightbox=\"no\" tabindex=\"0\" rel=\"jtg-671\" data-caption=\"\" aria-label=\"Open image in lightbox\" class=\"tile-inner modula-item-link\"><\/a><img loading=\"lazy\" decoding=\"async\" class=\"pic wp-image-684\"  data-valign=\"middle\" data-halign=\"center\" alt=\"\" data-full=\"https:\/\/schreinereiduss.ch\/wp-content\/uploads\/2021\/09\/Spezielles_2.jpeg\" title=\"\" crop=\"\" width=\"300\" height=\"210\" src=\"https:\/\/schreinereiduss.ch\/wp-content\/uploads\/2021\/09\/Spezielles_2-300x210.jpeg\" data-src=\"https:\/\/schreinereiduss.ch\/wp-content\/uploads\/2021\/09\/Spezielles_2-300x210.jpeg\" data-caption=\"\" srcset=\"https:\/\/schreinereiduss.ch\/wp-content\/uploads\/2021\/09\/Spezielles_2.jpeg 857w, https:\/\/schreinereiduss.ch\/wp-content\/uploads\/2021\/09\/Spezielles_2-300x210.jpeg 300w, https:\/\/schreinereiduss.ch\/wp-content\/uploads\/2021\/09\/Spezielles_2-768x538.jpeg 768w\" sizes=\"(max-width: 300px) 100vw, 300px\" \/>\n\t\t<div class=\"figc no-title no-description\">\n\t\t\t<div class=\"figc-inner\">\n\t\t\t\t\t\t\t\t\t\t\t\t\t\t\t<\/div>\n\t\t<\/div>\n\n\t<\/div>\n\n<\/div><div class=\"modula-item effect-pufrobo\" data-width=\"2\" data-height=\"2\" >\n\t<div class=\"modula-item-overlay\"><\/div>\n\n\t<div class=\"modula-item-content\">\n\n\t\t<a data-image-id=\"683\" role=\"button\" data-elementor-open-lightbox=\"no\" tabindex=\"0\" rel=\"jtg-671\" data-caption=\"\" aria-label=\"Open image in lightbox\" class=\"tile-inner modula-item-link\"><\/a><img loading=\"lazy\" decoding=\"async\" class=\"pic wp-image-683\"  data-valign=\"middle\" data-halign=\"center\" alt=\"\" data-full=\"https:\/\/schreinereiduss.ch\/wp-content\/uploads\/2021\/09\/Spezielles_1.jpeg\" title=\"\" crop=\"\" width=\"300\" height=\"210\" src=\"https:\/\/schreinereiduss.ch\/wp-content\/uploads\/2021\/09\/Spezielles_1-300x210.jpeg\" data-src=\"https:\/\/schreinereiduss.ch\/wp-content\/uploads\/2021\/09\/Spezielles_1-300x210.jpeg\" data-caption=\"\" srcset=\"https:\/\/schreinereiduss.ch\/wp-content\/uploads\/2021\/09\/Spezielles_1.jpeg 857w, https:\/\/schreinereiduss.ch\/wp-content\/uploads\/2021\/09\/Spezielles_1-300x210.jpeg 300w, https:\/\/schreinereiduss.ch\/wp-content\/uploads\/2021\/09\/Spezielles_1-768x538.jpeg 768w\" sizes=\"(max-width: 300px) 100vw, 300px\" \/>\n\t\t<div class=\"figc no-title no-description\">\n\t\t\t<div class=\"figc-inner\">\n\t\t\t\t\t\t\t\t\t\t\t\t\t\t\t<\/div>\n\t\t<\/div>\n\n\t<\/div>\n\n<\/div><div class=\"modula-item effect-pufrobo\" data-width=\"3\" data-height=\"2\" >\n\t<div class=\"modula-item-overlay\"><\/div>\n\n\t<div class=\"modula-item-content\">\n\n\t\t<a data-image-id=\"680\" role=\"button\" data-elementor-open-lightbox=\"no\" tabindex=\"0\" rel=\"jtg-671\" data-caption=\"\" aria-label=\"Open image in lightbox\" class=\"tile-inner modula-item-link\"><\/a><img loading=\"lazy\" decoding=\"async\" class=\"pic wp-image-680\"  data-valign=\"middle\" data-halign=\"center\" alt=\"\" data-full=\"https:\/\/schreinereiduss.ch\/wp-content\/uploads\/2021\/09\/Moebel_3.jpeg\" title=\"\" crop=\"\" width=\"300\" height=\"210\" src=\"https:\/\/schreinereiduss.ch\/wp-content\/uploads\/2021\/09\/Moebel_3-300x210.jpeg\" data-src=\"https:\/\/schreinereiduss.ch\/wp-content\/uploads\/2021\/09\/Moebel_3-300x210.jpeg\" data-caption=\"\" srcset=\"https:\/\/schreinereiduss.ch\/wp-content\/uploads\/2021\/09\/Moebel_3.jpeg 857w, https:\/\/schreinereiduss.ch\/wp-content\/uploads\/2021\/09\/Moebel_3-300x210.jpeg 300w, https:\/\/schreinereiduss.ch\/wp-content\/uploads\/2021\/09\/Moebel_3-768x538.jpeg 768w\" sizes=\"(max-width: 300px) 100vw, 300px\" \/>\n\t\t<div class=\"figc no-title no-description\">\n\t\t\t<div class=\"figc-inner\">\n\t\t\t\t\t\t\t\t\t\t\t\t\t\t\t<\/div>\n\t\t<\/div>\n\n\t<\/div>\n\n<\/div><div class=\"modula-item effect-pufrobo\" data-width=\"3\" data-height=\"2\" >\n\t<div class=\"modula-item-overlay\"><\/div>\n\n\t<div class=\"modula-item-content\">\n\n\t\t<a data-image-id=\"673\" role=\"button\" data-elementor-open-lightbox=\"no\" tabindex=\"0\" rel=\"jtg-671\" data-caption=\"\" aria-label=\"Open image in lightbox\" class=\"tile-inner modula-item-link\"><\/a><img loading=\"lazy\" decoding=\"async\" class=\"pic wp-image-673\"  data-valign=\"middle\" data-halign=\"center\" alt=\"\" data-full=\"https:\/\/schreinereiduss.ch\/wp-content\/uploads\/2021\/09\/IA_2.jpeg\" title=\"\" crop=\"\" width=\"300\" height=\"210\" src=\"https:\/\/schreinereiduss.ch\/wp-content\/uploads\/2021\/09\/IA_2-300x210.jpeg\" data-src=\"https:\/\/schreinereiduss.ch\/wp-content\/uploads\/2021\/09\/IA_2-300x210.jpeg\" data-caption=\"\" srcset=\"https:\/\/schreinereiduss.ch\/wp-content\/uploads\/2021\/09\/IA_2.jpeg 857w, https:\/\/schreinereiduss.ch\/wp-content\/uploads\/2021\/09\/IA_2-300x210.jpeg 300w, https:\/\/schreinereiduss.ch\/wp-content\/uploads\/2021\/09\/IA_2-768x538.jpeg 768w\" sizes=\"(max-width: 300px) 100vw, 300px\" \/>\n\t\t<div class=\"figc no-title no-description\">\n\t\t\t<div class=\"figc-inner\">\n\t\t\t\t\t\t\t\t\t\t\t\t\t\t\t<\/div>\n\t\t<\/div>\n\n\t<\/div>\n\n<\/div><div class=\"modula-item effect-pufrobo\" data-width=\"2\" data-height=\"3\" >\n\t<div class=\"modula-item-overlay\"><\/div>\n\n\t<div class=\"modula-item-content\">\n\n\t\t<a data-image-id=\"686\" role=\"button\" data-elementor-open-lightbox=\"no\" tabindex=\"0\" rel=\"jtg-671\" data-caption=\"\" aria-label=\"Open image in lightbox\" class=\"tile-inner modula-item-link\"><\/a><img loading=\"lazy\" decoding=\"async\" class=\"pic wp-image-686\"  data-valign=\"middle\" data-halign=\"center\" alt=\"\" data-full=\"https:\/\/schreinereiduss.ch\/wp-content\/uploads\/2021\/09\/Tuere_1.jpeg\" title=\"\" crop=\"\" width=\"300\" height=\"210\" src=\"https:\/\/schreinereiduss.ch\/wp-content\/uploads\/2021\/09\/Tuere_1-300x210.jpeg\" data-src=\"https:\/\/schreinereiduss.ch\/wp-content\/uploads\/2021\/09\/Tuere_1-300x210.jpeg\" data-caption=\"\" srcset=\"https:\/\/schreinereiduss.ch\/wp-content\/uploads\/2021\/09\/Tuere_1.jpeg 857w, https:\/\/schreinereiduss.ch\/wp-content\/uploads\/2021\/09\/Tuere_1-300x210.jpeg 300w, https:\/\/schreinereiduss.ch\/wp-content\/uploads\/2021\/09\/Tuere_1-768x538.jpeg 768w\" sizes=\"(max-width: 300px) 100vw, 300px\" \/>\n\t\t<div class=\"figc no-title no-description\">\n\t\t\t<div class=\"figc-inner\">\n\t\t\t\t\t\t\t\t\t\t\t\t\t\t\t<\/div>\n\t\t<\/div>\n\n\t<\/div>\n\n<\/div><div class=\"modula-item effect-pufrobo\" data-width=\"2\" data-height=\"2\" >\n\t<div class=\"modula-item-overlay\"><\/div>\n\n\t<div class=\"modula-item-content\">\n\n\t\t<a data-image-id=\"2162\" role=\"button\" data-elementor-open-lightbox=\"no\" tabindex=\"0\" rel=\"jtg-671\" data-caption=\"\" aria-label=\"Open image in lightbox\" class=\"tile-inner modula-item-link\"><\/a><img loading=\"lazy\" decoding=\"async\" class=\"pic wp-image-2162\"  data-valign=\"middle\" data-halign=\"center\" alt=\"\" data-full=\"https:\/\/schreinereiduss.ch\/wp-content\/uploads\/2021\/09\/Dropa-Regal.jpg\" title=\"\" crop=\"\" width=\"225\" height=\"300\" src=\"https:\/\/schreinereiduss.ch\/wp-content\/uploads\/2021\/09\/Dropa-Regal-225x300.jpg\" data-src=\"https:\/\/schreinereiduss.ch\/wp-content\/uploads\/2021\/09\/Dropa-Regal-225x300.jpg\" data-caption=\"\" srcset=\"https:\/\/schreinereiduss.ch\/wp-content\/uploads\/2021\/09\/Dropa-Regal-scaled.jpg 1920w, https:\/\/schreinereiduss.ch\/wp-content\/uploads\/2021\/09\/Dropa-Regal-scaled-225x300.jpg 225w, https:\/\/schreinereiduss.ch\/wp-content\/uploads\/2021\/09\/Dropa-Regal-768x1024.jpg 768w, https:\/\/schreinereiduss.ch\/wp-content\/uploads\/2021\/09\/Dropa-Regal-1152x1536.jpg 1152w, https:\/\/schreinereiduss.ch\/wp-content\/uploads\/2021\/09\/Dropa-Regal-1536x2048.jpg 1536w\" sizes=\"(max-width: 225px) 100vw, 225px\" \/>\n\t\t<div class=\"figc no-title no-description\">\n\t\t\t<div class=\"figc-inner\">\n\t\t\t\t\t\t\t\t\t\t\t\t\t\t\t<\/div>\n\t\t<\/div>\n\n\t<\/div>\n\n<\/div><div class=\"modula-item effect-pufrobo\" data-width=\"3\" data-height=\"2\" >\n\t<div class=\"modula-item-overlay\"><\/div>\n\n\t<div class=\"modula-item-content\">\n\n\t\t<a data-image-id=\"688\" role=\"button\" data-elementor-open-lightbox=\"no\" tabindex=\"0\" rel=\"jtg-671\" data-caption=\"\" aria-label=\"Open image in lightbox\" class=\"tile-inner modula-item-link\"><\/a><img loading=\"lazy\" decoding=\"async\" class=\"pic wp-image-688\"  data-valign=\"middle\" data-halign=\"center\" alt=\"\" data-full=\"https:\/\/schreinereiduss.ch\/wp-content\/uploads\/2021\/09\/Ku\u0308che_4.jpeg\" title=\"\" crop=\"\" width=\"300\" height=\"210\" src=\"https:\/\/schreinereiduss.ch\/wp-content\/uploads\/2021\/09\/Ku\u0308che_4-300x210.jpeg\" data-src=\"https:\/\/schreinereiduss.ch\/wp-content\/uploads\/2021\/09\/Ku\u0308che_4-300x210.jpeg\" data-caption=\"\" srcset=\"https:\/\/schreinereiduss.ch\/wp-content\/uploads\/2021\/09\/Ku\u0308che_4.jpeg 857w, https:\/\/schreinereiduss.ch\/wp-content\/uploads\/2021\/09\/Ku\u0308che_4-300x210.jpeg 300w, https:\/\/schreinereiduss.ch\/wp-content\/uploads\/2021\/09\/Ku\u0308che_4-768x538.jpeg 768w\" sizes=\"(max-width: 300px) 100vw, 300px\" \/>\n\t\t<div class=\"figc no-title no-description\">\n\t\t\t<div class=\"figc-inner\">\n\t\t\t\t\t\t\t\t\t\t\t\t\t\t\t<\/div>\n\t\t<\/div>\n\n\t<\/div>\n\n<\/div><div class=\"modula-item effect-pufrobo\" data-width=\"2\" data-height=\"2\" >\n\t<div class=\"modula-item-overlay\"><\/div>\n\n\t<div class=\"modula-item-content\">\n\n\t\t<a data-image-id=\"2165\" role=\"button\" data-elementor-open-lightbox=\"no\" tabindex=\"0\" rel=\"jtg-671\" data-caption=\"\" aria-label=\"Open image in lightbox\" class=\"tile-inner modula-item-link\"><\/a><img loading=\"lazy\" decoding=\"async\" class=\"pic wp-image-2165\"  data-valign=\"middle\" data-halign=\"center\" alt=\"\" data-full=\"https:\/\/schreinereiduss.ch\/wp-content\/uploads\/2021\/09\/Kueche-Wicki-Sigi.jpg\" title=\"\" crop=\"\" width=\"300\" height=\"169\" src=\"https:\/\/schreinereiduss.ch\/wp-content\/uploads\/2021\/09\/Kueche-Wicki-Sigi-300x169.jpg\" data-src=\"https:\/\/schreinereiduss.ch\/wp-content\/uploads\/2021\/09\/Kueche-Wicki-Sigi-300x169.jpg\" data-caption=\"\" srcset=\"https:\/\/schreinereiduss.ch\/wp-content\/uploads\/2021\/09\/Kueche-Wicki-Sigi-scaled.jpg 2560w, https:\/\/schreinereiduss.ch\/wp-content\/uploads\/2021\/09\/Kueche-Wicki-Sigi-scaled-300x169.jpg 300w, https:\/\/schreinereiduss.ch\/wp-content\/uploads\/2021\/09\/Kueche-Wicki-Sigi-1024x576.jpg 1024w, https:\/\/schreinereiduss.ch\/wp-content\/uploads\/2021\/09\/Kueche-Wicki-Sigi-768x432.jpg 768w, https:\/\/schreinereiduss.ch\/wp-content\/uploads\/2021\/09\/Kueche-Wicki-Sigi-1536x864.jpg 1536w, https:\/\/schreinereiduss.ch\/wp-content\/uploads\/2021\/09\/Kueche-Wicki-Sigi-2048x1152.jpg 2048w\" sizes=\"(max-width: 300px) 100vw, 300px\" \/>\n\t\t<div class=\"figc no-title no-description\">\n\t\t\t<div class=\"figc-inner\">\n\t\t\t\t\t\t\t\t\t\t\t\t\t\t\t<\/div>\n\t\t<\/div>\n\n\t<\/div>\n\n<\/div><div class=\"modula-item effect-pufrobo\" data-width=\"3\" data-height=\"3\" >\n\t<div class=\"modula-item-overlay\"><\/div>\n\n\t<div class=\"modula-item-content\">\n\n\t\t<a data-image-id=\"2166\" role=\"button\" data-elementor-open-lightbox=\"no\" tabindex=\"0\" rel=\"jtg-671\" data-caption=\"\" aria-label=\"Open image in lightbox\" class=\"tile-inner modula-item-link\"><\/a><img loading=\"lazy\" decoding=\"async\" class=\"pic wp-image-2166\"  data-valign=\"middle\" data-halign=\"center\" alt=\"\" data-full=\"https:\/\/schreinereiduss.ch\/wp-content\/uploads\/2021\/09\/Wohnwand-Mueller.jpg\" title=\"\" crop=\"\" width=\"225\" height=\"300\" src=\"https:\/\/schreinereiduss.ch\/wp-content\/uploads\/2021\/09\/Wohnwand-Mueller-225x300.jpg\" data-src=\"https:\/\/schreinereiduss.ch\/wp-content\/uploads\/2021\/09\/Wohnwand-Mueller-225x300.jpg\" data-caption=\"\" srcset=\"https:\/\/schreinereiduss.ch\/wp-content\/uploads\/2021\/09\/Wohnwand-Mueller-scaled.jpg 1920w, https:\/\/schreinereiduss.ch\/wp-content\/uploads\/2021\/09\/Wohnwand-Mueller-scaled-225x300.jpg 225w, https:\/\/schreinereiduss.ch\/wp-content\/uploads\/2021\/09\/Wohnwand-Mueller-768x1024.jpg 768w, https:\/\/schreinereiduss.ch\/wp-content\/uploads\/2021\/09\/Wohnwand-Mueller-1152x1536.jpg 1152w, https:\/\/schreinereiduss.ch\/wp-content\/uploads\/2021\/09\/Wohnwand-Mueller-1536x2048.jpg 1536w\" sizes=\"(max-width: 225px) 100vw, 225px\" \/>\n\t\t<div class=\"figc no-title no-description\">\n\t\t\t<div class=\"figc-inner\">\n\t\t\t\t\t\t\t\t\t\t\t\t\t\t\t<\/div>\n\t\t<\/div>\n\n\t<\/div>\n\n<\/div><div class=\"modula-item effect-pufrobo\" data-width=\"2\" data-height=\"2\" >\n\t<div class=\"modula-item-overlay\"><\/div>\n\n\t<div class=\"modula-item-content\">\n\n\t\t<a data-image-id=\"2161\" role=\"button\" data-elementor-open-lightbox=\"no\" tabindex=\"0\" rel=\"jtg-671\" data-caption=\"\" aria-label=\"Open image in lightbox\" class=\"tile-inner modula-item-link\"><\/a><img loading=\"lazy\" decoding=\"async\" class=\"pic wp-image-2161\"  data-valign=\"middle\" data-halign=\"center\" alt=\"\" data-full=\"https:\/\/schreinereiduss.ch\/wp-content\/uploads\/2021\/09\/Bett-Ming-1.jpg\" title=\"\" crop=\"\" width=\"300\" height=\"200\" src=\"https:\/\/schreinereiduss.ch\/wp-content\/uploads\/2021\/09\/Bett-Ming-1-300x200.jpg\" data-src=\"https:\/\/schreinereiduss.ch\/wp-content\/uploads\/2021\/09\/Bett-Ming-1-300x200.jpg\" data-caption=\"\" srcset=\"https:\/\/schreinereiduss.ch\/wp-content\/uploads\/2021\/09\/Bett-Ming-1-scaled.jpg 2560w, https:\/\/schreinereiduss.ch\/wp-content\/uploads\/2021\/09\/Bett-Ming-1-scaled-300x200.jpg 300w, https:\/\/schreinereiduss.ch\/wp-content\/uploads\/2021\/09\/Bett-Ming-1-1024x683.jpg 1024w, https:\/\/schreinereiduss.ch\/wp-content\/uploads\/2021\/09\/Bett-Ming-1-768x512.jpg 768w, https:\/\/schreinereiduss.ch\/wp-content\/uploads\/2021\/09\/Bett-Ming-1-1536x1024.jpg 1536w, https:\/\/schreinereiduss.ch\/wp-content\/uploads\/2021\/09\/Bett-Ming-1-2048x1365.jpg 2048w\" sizes=\"(max-width: 300px) 100vw, 300px\" \/>\n\t\t<div class=\"figc no-title no-description\">\n\t\t\t<div class=\"figc-inner\">\n\t\t\t\t\t\t\t\t\t\t\t\t\t\t\t<\/div>\n\t\t<\/div>\n\n\t<\/div>\n\n<\/div><div class=\"modula-item effect-pufrobo\" data-width=\"3\" data-height=\"2\" >\n\t<div class=\"modula-item-overlay\"><\/div>\n\n\t<div class=\"modula-item-content\">\n\n\t\t<a data-image-id=\"682\" role=\"button\" data-elementor-open-lightbox=\"no\" tabindex=\"0\" rel=\"jtg-671\" data-caption=\"\" aria-label=\"Open image in lightbox\" class=\"tile-inner modula-item-link\"><\/a><img loading=\"lazy\" decoding=\"async\" class=\"pic wp-image-682\"  data-valign=\"middle\" data-halign=\"center\" alt=\"\" data-full=\"https:\/\/schreinereiduss.ch\/wp-content\/uploads\/2021\/09\/Moebel_5.jpeg\" title=\"\" crop=\"\" width=\"300\" height=\"210\" src=\"https:\/\/schreinereiduss.ch\/wp-content\/uploads\/2021\/09\/Moebel_5-300x210.jpeg\" data-src=\"https:\/\/schreinereiduss.ch\/wp-content\/uploads\/2021\/09\/Moebel_5-300x210.jpeg\" data-caption=\"\" srcset=\"https:\/\/schreinereiduss.ch\/wp-content\/uploads\/2021\/09\/Moebel_5.jpeg 857w, https:\/\/schreinereiduss.ch\/wp-content\/uploads\/2021\/09\/Moebel_5-300x210.jpeg 300w, https:\/\/schreinereiduss.ch\/wp-content\/uploads\/2021\/09\/Moebel_5-768x538.jpeg 768w\" sizes=\"(max-width: 300px) 100vw, 300px\" \/>\n\t\t<div class=\"figc no-title no-description\">\n\t\t\t<div class=\"figc-inner\">\n\t\t\t\t\t\t\t\t\t\t\t\t\t\t\t<\/div>\n\t\t<\/div>\n\n\t<\/div>\n\n<\/div><div class=\"modula-item effect-pufrobo\" data-width=\"4\" data-height=\"2\" >\n\t<div class=\"modula-item-overlay\"><\/div>\n\n\t<div class=\"modula-item-content\">\n\n\t\t<a data-image-id=\"2163\" role=\"button\" data-elementor-open-lightbox=\"no\" tabindex=\"0\" rel=\"jtg-671\" data-caption=\"\" aria-label=\"Open image in lightbox\" class=\"tile-inner modula-item-link\"><\/a><img loading=\"lazy\" decoding=\"async\" class=\"pic wp-image-2163\"  data-valign=\"middle\" data-halign=\"center\" alt=\"\" data-full=\"https:\/\/schreinereiduss.ch\/wp-content\/uploads\/2021\/09\/Eckbank-Hofstetter-Jost.jpg\" title=\"\" crop=\"\" width=\"300\" height=\"200\" src=\"https:\/\/schreinereiduss.ch\/wp-content\/uploads\/2021\/09\/Eckbank-Hofstetter-Jost-300x200.jpg\" data-src=\"https:\/\/schreinereiduss.ch\/wp-content\/uploads\/2021\/09\/Eckbank-Hofstetter-Jost-300x200.jpg\" data-caption=\"\" srcset=\"https:\/\/schreinereiduss.ch\/wp-content\/uploads\/2021\/09\/Eckbank-Hofstetter-Jost-scaled.jpg 2560w, https:\/\/schreinereiduss.ch\/wp-content\/uploads\/2021\/09\/Eckbank-Hofstetter-Jost-scaled-300x200.jpg 300w, https:\/\/schreinereiduss.ch\/wp-content\/uploads\/2021\/09\/Eckbank-Hofstetter-Jost-1024x683.jpg 1024w, https:\/\/schreinereiduss.ch\/wp-content\/uploads\/2021\/09\/Eckbank-Hofstetter-Jost-768x512.jpg 768w, https:\/\/schreinereiduss.ch\/wp-content\/uploads\/2021\/09\/Eckbank-Hofstetter-Jost-1536x1024.jpg 1536w, https:\/\/schreinereiduss.ch\/wp-content\/uploads\/2021\/09\/Eckbank-Hofstetter-Jost-2048x1365.jpg 2048w\" sizes=\"(max-width: 300px) 100vw, 300px\" \/>\n\t\t<div class=\"figc no-title no-description\">\n\t\t\t<div class=\"figc-inner\">\n\t\t\t\t\t\t\t\t\t\t\t\t\t\t\t<\/div>\n\t\t<\/div>\n\n\t<\/div>\n\n<\/div><div class=\"modula-item effect-pufrobo\" data-width=\"4\" data-height=\"2\" >\n\t<div class=\"modula-item-overlay\"><\/div>\n\n\t<div class=\"modula-item-content\">\n\n\t\t<a data-image-id=\"677\" role=\"button\" data-elementor-open-lightbox=\"no\" tabindex=\"0\" rel=\"jtg-671\" data-caption=\"\" aria-label=\"Open image in lightbox\" class=\"tile-inner modula-item-link\"><\/a><img loading=\"lazy\" decoding=\"async\" class=\"pic wp-image-677\"  data-valign=\"middle\" data-halign=\"center\" alt=\"\" data-full=\"https:\/\/schreinereiduss.ch\/wp-content\/uploads\/2021\/09\/Ku\u0308che_3.jpeg\" title=\"\" crop=\"\" width=\"300\" height=\"210\" src=\"https:\/\/schreinereiduss.ch\/wp-content\/uploads\/2021\/09\/Ku\u0308che_3-300x210.jpeg\" data-src=\"https:\/\/schreinereiduss.ch\/wp-content\/uploads\/2021\/09\/Ku\u0308che_3-300x210.jpeg\" data-caption=\"\" srcset=\"https:\/\/schreinereiduss.ch\/wp-content\/uploads\/2021\/09\/Ku\u0308che_3.jpeg 857w, https:\/\/schreinereiduss.ch\/wp-content\/uploads\/2021\/09\/Ku\u0308che_3-300x210.jpeg 300w, https:\/\/schreinereiduss.ch\/wp-content\/uploads\/2021\/09\/Ku\u0308che_3-768x538.jpeg 768w\" sizes=\"(max-width: 300px) 100vw, 300px\" \/>\n\t\t<div class=\"figc no-title no-description\">\n\t\t\t<div class=\"figc-inner\">\n\t\t\t\t\t\t\t\t\t\t\t\t\t\t\t<\/div>\n\t\t<\/div>\n\n\t<\/div>\n\n<\/div><div class=\"modula-item effect-pufrobo\" data-width=\"5\" data-height=\"2\" >\n\t<div class=\"modula-item-overlay\"><\/div>\n\n\t<div class=\"modula-item-content\">\n\n\t\t<a data-image-id=\"678\" role=\"button\" data-elementor-open-lightbox=\"no\" tabindex=\"0\" rel=\"jtg-671\" data-caption=\"\" aria-label=\"Open image in lightbox\" class=\"tile-inner modula-item-link\"><\/a><img loading=\"lazy\" decoding=\"async\" class=\"pic wp-image-678\"  data-valign=\"middle\" data-halign=\"center\" alt=\"\" data-full=\"https:\/\/schreinereiduss.ch\/wp-content\/uploads\/2021\/09\/Moebel_1-1.jpeg\" title=\"\" crop=\"\" width=\"300\" height=\"210\" src=\"https:\/\/schreinereiduss.ch\/wp-content\/uploads\/2021\/09\/Moebel_1-1-300x210.jpeg\" data-src=\"https:\/\/schreinereiduss.ch\/wp-content\/uploads\/2021\/09\/Moebel_1-1-300x210.jpeg\" data-caption=\"\" srcset=\"https:\/\/schreinereiduss.ch\/wp-content\/uploads\/2021\/09\/Moebel_1-1.jpeg 857w, https:\/\/schreinereiduss.ch\/wp-content\/uploads\/2021\/09\/Moebel_1-1-300x210.jpeg 300w, https:\/\/schreinereiduss.ch\/wp-content\/uploads\/2021\/09\/Moebel_1-1-768x538.jpeg 768w\" sizes=\"(max-width: 300px) 100vw, 300px\" \/>\n\t\t<div class=\"figc no-title no-description\">\n\t\t\t<div class=\"figc-inner\">\n\t\t\t\t\t\t\t\t\t\t\t\t\t\t\t<\/div>\n\t\t<\/div>\n\n\t<\/div>\n\n<\/div><div class=\"modula-item effect-pufrobo\" data-width=\"3\" data-height=\"2\" >\n\t<div class=\"modula-item-overlay\"><\/div>\n\n\t<div class=\"modula-item-content\">\n\n\t\t<a data-image-id=\"681\" role=\"button\" data-elementor-open-lightbox=\"no\" tabindex=\"0\" rel=\"jtg-671\" data-caption=\"\" aria-label=\"Open image in lightbox\" class=\"tile-inner modula-item-link\"><\/a><img loading=\"lazy\" decoding=\"async\" class=\"pic wp-image-681\"  data-valign=\"middle\" data-halign=\"center\" alt=\"\" data-full=\"https:\/\/schreinereiduss.ch\/wp-content\/uploads\/2021\/09\/Moebel_4.jpeg\" title=\"\" crop=\"\" width=\"300\" height=\"210\" src=\"https:\/\/schreinereiduss.ch\/wp-content\/uploads\/2021\/09\/Moebel_4-300x210.jpeg\" data-src=\"https:\/\/schreinereiduss.ch\/wp-content\/uploads\/2021\/09\/Moebel_4-300x210.jpeg\" data-caption=\"\" srcset=\"https:\/\/schreinereiduss.ch\/wp-content\/uploads\/2021\/09\/Moebel_4.jpeg 857w, https:\/\/schreinereiduss.ch\/wp-content\/uploads\/2021\/09\/Moebel_4-300x210.jpeg 300w, https:\/\/schreinereiduss.ch\/wp-content\/uploads\/2021\/09\/Moebel_4-768x538.jpeg 768w\" sizes=\"(max-width: 300px) 100vw, 300px\" \/>\n\t\t<div class=\"figc no-title no-description\">\n\t\t\t<div class=\"figc-inner\">\n\t\t\t\t\t\t\t\t\t\t\t\t\t\t\t<\/div>\n\t\t<\/div>\n\n\t<\/div>\n\n<\/div>\t\t\n\t<\/div>\n\n\t\n\t\n\t<script type=\"application\/ld+json\">\n\t{\n\t\t\"@context\": \"http:\/\/schema.org\",\n\t\t\"@type\"   : \"ImageGallery\",\n\t\t\"id\"      : \"https:\/\/schreinereiduss.ch\/index.php\/schreinerei\/\",\n\t\t\"url\"     : \"https:\/\/schreinereiduss.ch\/index.php\/schreinerei\/\"\n\t}\n\n\t<\/script>\n\n\t\n<\/div>\n\t\t\t\t\t\t\t\t<\/div>\n\t\t\t\t<\/div>\n\t\t\t\t\t<\/div>\n\t\t<\/div>\n\t\t\t\t\t<\/div>\n\t\t<\/section>\n\t\t\t\t<\/div>\n\t\t","protected":false},"excerpt":{"rendered":"<p>Der richtige Ansprechpartner! Schreinerei Kontaktieren Sie uns Der richtige Ansprechpartner! Schreinerei Kontaktieren Sie uns Wir sind der richtige Ansprechpartner. In unserer Schreinerei fertigen wir individuelle und auf unsere Kunden abgestimmte Arbeiten an. Nebst K\u00fcchen produzieren wir ebenfalls T\u00fcren, M\u00f6bel, Schlafzimmer, Schr\u00e4nke und Garderoben. Allgemeine Schreinerarbeiten und Reparaturen aller Art geh\u00f6ren ebenfalls zu unserem breiten T\u00e4tigkeitsgebiet. [&hellip;]<\/p>\n","protected":false},"author":1,"featured_media":0,"parent":0,"menu_order":0,"comment_status":"closed","ping_status":"closed","template":"","meta":{"footnotes":""},"class_list":["post-650","page","type-page","status-publish","hentry"],"_links":{"self":[{"href":"https:\/\/schreinereiduss.ch\/index.php\/wp-json\/wp\/v2\/pages\/650","targetHints":{"allow":["GET"]}}],"collection":[{"href":"https:\/\/schreinereiduss.ch\/index.php\/wp-json\/wp\/v2\/pages"}],"about":[{"href":"https:\/\/schreinereiduss.ch\/index.php\/wp-json\/wp\/v2\/types\/page"}],"author":[{"embeddable":true,"href":"https:\/\/schreinereiduss.ch\/index.php\/wp-json\/wp\/v2\/users\/1"}],"replies":[{"embeddable":true,"href":"https:\/\/schreinereiduss.ch\/index.php\/wp-json\/wp\/v2\/comments?post=650"}],"version-history":[{"count":193,"href":"https:\/\/schreinereiduss.ch\/index.php\/wp-json\/wp\/v2\/pages\/650\/revisions"}],"predecessor-version":[{"id":2211,"href":"https:\/\/schreinereiduss.ch\/index.php\/wp-json\/wp\/v2\/pages\/650\/revisions\/2211"}],"wp:attachment":[{"href":"https:\/\/schreinereiduss.ch\/index.php\/wp-json\/wp\/v2\/media?parent=650"}],"curies":[{"name":"wp","href":"https:\/\/api.w.org\/{rel}","templated":true}]}}